{"id":2948,"date":"2016-02-06T23:54:14","date_gmt":"2016-02-06T23:54:14","guid":{"rendered":"https:\/\/www.prensoland.com\/es\/news\/"},"modified":"2024-03-22T15:09:27","modified_gmt":"2024-03-22T14:09:27","slug":"news","status":"publish","type":"page","link":"https:\/\/www.prensoland.com\/es\/news\/","title":{"rendered":"PRENSONEWS &#038; EVENTOS"},"content":{"rendered":"<div id=\"pl-2948\"  class=\"panel-layout\" ><div id=\"pg-2948-0\"  class=\"panel-grid panel-has-style\" ><div class=\"lsow-dark-bg siteorigin-panels-stretch panel-row-style-full-width panel-row-style panel-row-style-for-2948-0\" data-stretch-type=\"full\" ><div id=\"pgc-2948-0-0\"  class=\"panel-grid-cell\" ><div id=\"panel-2948-0-0-0\" class=\"so-panel widget widget_sow-editor panel-first-child panel-last-child\" data-index=\"0\" ><div\n\t\t\t\n\t\t\tclass=\"so-widget-sow-editor so-widget-sow-editor-base\"\n\t\t\t\n\t\t>\n<div class=\"siteorigin-widget-tinymce textwidget\">\n\t<h1 style=\"text-align: center;\"><span style=\"color: #ffffff;\">NOTICIAS & EVENTOS<\/span><\/h1>\n<h2 style=\"text-align: center;\"><span style=\"color: #ffffff;\"><strong>Pr\u00f3ximas noticias y eventos de Prensoland<\/strong><\/span><\/h2>\n<\/div>\n<\/div><\/div><\/div><\/div><\/div><div id=\"pg-2948-1\"  class=\"panel-grid panel-has-style\" ><div class=\"panel-row-style panel-row-style-for-2948-1\" ><div id=\"pgc-2948-1-0\"  class=\"panel-grid-cell\" ><div id=\"panel-2948-1-0-0\" class=\"so-panel widget widget_sow-editor panel-first-child\" data-index=\"1\" ><div class=\"panel-widget-style panel-widget-style-for-2948-1-0-0\" ><div\n\t\t\t\n\t\t\tclass=\"so-widget-sow-editor so-widget-sow-editor-base\"\n\t\t\t\n\t\t>\n<div class=\"siteorigin-widget-tinymce textwidget\">\n\t<h2 style=\"font-size: 18px; margin: 0em; color: #666666;\">Pr\u00f3ximas ferias donde estaremos presentes<\/h2>\n<\/div>\n<\/div><\/div><\/div><div id=\"panel-2948-1-0-1\" class=\"so-panel widget widget_rpwe_widget rpwe_widget recent-posts-extended\" data-index=\"2\" ><div class=\"panel-widget-style panel-widget-style-for-2948-1-0-1\" ><style>.rpwe-block ul {\n\tlist-style:none!important;\n\tmargin-left:0!important;\n\tpadding-left:0!important;\n}\n.rpwe-block li {\n\tborder-bottom:1px solid #eee;\n\tmargin-bottom:10px;\n\tpadding-bottom:10px;\n\tlist-style-type: none;\n}\n.rpwe-block a {\n\tdisplay:inline!important;\n\ttext-decoration:none;\n}\n.rpwe-block h3 {\n\tbackground:none!important;\n\tclear:none;\n\tmargin-bottom:0!important;\n\tmargin-top:0!important;\n\tfont-weight:400;\n\tfont-size:15px !important;\n\tline-height:1.2em;\n}\n.rpwe-thumb {\n\tborder:0px solid #EEE!important;\n\tbox-shadow:none!important;\n\tmargin:2px 10px 2px 0;\n\tpadding:3px!important;\n}\n.rpwe-summary {\n\tfont-size:12px;\n}\n.rpwe-time {\n\tcolor:#bbb;\n\tfont-size:11px;\n}\n.rpwe-comment {\n\tcolor:#bbb;\n\tfont-size:11px;\n\tpadding-left:5px;\n}\n.rpwe-alignleft {\n\tdisplay:inline;\n\tfloat:left;\n}\n.rpwe-alignright {\n\tdisplay:inline;\n\tfloat:right;\n}\n.rpwe-aligncenter {\n\tdisplay:block;\n\tmargin-left: auto;\n\tmargin-right: auto;\n}\n.rpwe-clearfix:before,.rpwe-clearfix:after {\n\tcontent:&quot;&quot;;\n\tdisplay:table !important;\n}\n.rpwe-clearfix:after {\n\tclear:both;\n}\n.rpwe-clearfix {\n\tzoom:1;\n}\n\n.entry-content ul li,\n.entry-content ol li {\n  margin-left: 0px;\n}\n<\/style><div  class=\"rpwe-block\"><ul class=\"rpwe-ul\"><li class=\"rpwe-li rpwe-clearfix\"><a class=\"rpwe-img\" href=\"https:\/\/www.prensoland.com\/es\/iccx-central-europe-2026\/\" target=\"_self\"><img class=\"rpwe-alignleft rpwe-thumb\" src=\"https:\/\/www.prensoland.com\/wp-content\/uploads\/ICCX-CENTRAL-EUROPE-2-380x175.png\" alt=\"Prensoland en ICCX Central Europe 2026\" height=\"175\" width=\"380\" loading=\"lazy\" decoding=\"async\"><\/a><h3 class=\"rpwe-title\"><a href=\"https:\/\/www.prensoland.com\/es\/iccx-central-europe-2026\/\" target=\"_self\">Prensoland en ICCX Central Europe 2026<\/a><\/h3><div class=\"rpwe-summary\">4-5 DE MARZO, 2026 La duod\u00e9cima edici\u00f3n de ICCX Central &hellip;<\/div><\/li><li class=\"rpwe-li rpwe-clearfix\"><a class=\"rpwe-img\" href=\"https:\/\/www.prensoland.com\/es\/prensoland-en-the-uk-concrete-show\/\" target=\"_self\"><img class=\"rpwe-alignleft rpwe-thumb\" src=\"https:\/\/www.prensoland.com\/wp-content\/uploads\/UK-CONCRETE-SHOW-380x175.png\" alt=\"The UK Concrete Show 2026\" height=\"175\" width=\"380\" loading=\"lazy\" decoding=\"async\"><\/a><h3 class=\"rpwe-title\"><a href=\"https:\/\/www.prensoland.com\/es\/prensoland-en-the-uk-concrete-show\/\" target=\"_self\">The UK Concrete Show 2026<\/a><\/h3><div class=\"rpwe-summary\">Prensoland estar\u00e1 presente en The UK Concrete Show &#8211; Reino &hellip;<\/div><\/li><li class=\"rpwe-li rpwe-clearfix\"><a class=\"rpwe-img\" href=\"https:\/\/www.prensoland.com\/es\/prensoland-en-uzbuild-2026\/\" target=\"_self\"><img class=\"rpwe-alignleft rpwe-thumb\" src=\"https:\/\/www.prensoland.com\/wp-content\/uploads\/UZBUILD-380x175.png\" alt=\"Prensoland en UZBUILD 2026\" height=\"175\" width=\"380\" loading=\"lazy\" decoding=\"async\"><\/a><h3 class=\"rpwe-title\"><a href=\"https:\/\/www.prensoland.com\/es\/prensoland-en-uzbuild-2026\/\" target=\"_self\">Prensoland en UZBUILD 2026<\/a><\/h3><div class=\"rpwe-summary\">Visita el evento de construcci\u00f3n m\u00e1s influyente de Uzbekistan Del &hellip;<\/div><\/li><li class=\"rpwe-li rpwe-clearfix\"><a class=\"rpwe-img\" href=\"https:\/\/www.prensoland.com\/es\/iccx-north-africa-2025-2\/\" target=\"_self\"><img class=\"rpwe-alignleft rpwe-thumb\" src=\"https:\/\/www.prensoland.com\/wp-content\/uploads\/ICCX-North-africa-sisi-380x175.png\" alt=\"Prensoland en ICCX NORTH AFRICA 2025\" height=\"175\" width=\"380\" loading=\"lazy\" decoding=\"async\"><\/a><h3 class=\"rpwe-title\"><a href=\"https:\/\/www.prensoland.com\/es\/iccx-north-africa-2025-2\/\" target=\"_self\">Prensoland en ICCX NORTH AFRICA 2025<\/a><\/h3><div class=\"rpwe-summary\">29-30 DE OCTUBRE DE 2025\u00a0 ICCX North Africa tendr\u00e1 lugar &hellip;<\/div><\/li><li class=\"rpwe-li rpwe-clearfix\"><a class=\"rpwe-img\" href=\"https:\/\/www.prensoland.com\/es\/prensoland-en-concrete-show\/\" target=\"_self\"><img class=\"rpwe-alignleft rpwe-thumb\" src=\"https:\/\/www.prensoland.com\/wp-content\/uploads\/PNG-380x175.png\" alt=\"Concrete Show Brazil 2025\" height=\"175\" width=\"380\" loading=\"lazy\" decoding=\"async\"><\/a><h3 class=\"rpwe-title\"><a href=\"https:\/\/www.prensoland.com\/es\/prensoland-en-concrete-show\/\" target=\"_self\">Concrete Show Brazil 2025<\/a><\/h3><div class=\"rpwe-summary\">Prensoland estar\u00e1 presente en Concrete Show &#8211; Brazil 2025 S\u00e3o &hellip;<\/div><\/li><li class=\"rpwe-li rpwe-clearfix\"><a class=\"rpwe-img\" href=\"https:\/\/www.prensoland.com\/es\/prensoland-en-big-5-construct\/\" target=\"_self\"><img class=\"rpwe-alignleft rpwe-thumb\" src=\"https:\/\/www.prensoland.com\/wp-content\/uploads\/The-Big-5-Egypt-380x175.jpg\" alt=\"Prensoland en Big 5 Construct &#8211; Egypt\" height=\"175\" width=\"380\" loading=\"lazy\" decoding=\"async\"><\/a><h3 class=\"rpwe-title\"><a href=\"https:\/\/www.prensoland.com\/es\/prensoland-en-big-5-construct\/\" target=\"_self\">Prensoland en Big 5 Construct &#8211; Egypt<\/a><\/h3><div class=\"rpwe-summary\">Visita el evento de construcci\u00f3n m\u00e1s influyente de Egipto17 &#8211; &hellip;<\/div><\/li><li class=\"rpwe-li rpwe-clearfix\"><a class=\"rpwe-img\" href=\"https:\/\/www.prensoland.com\/es\/libya-build\/\" target=\"_self\"><img class=\"rpwe-alignleft rpwe-thumb\" src=\"https:\/\/www.prensoland.com\/wp-content\/uploads\/Libyabuild-380x175.png\" alt=\"Prensoland en LIBYA BUILD &#8211; Tripoli\" height=\"175\" width=\"380\" loading=\"lazy\" decoding=\"async\"><\/a><h3 class=\"rpwe-title\"><a href=\"https:\/\/www.prensoland.com\/es\/libya-build\/\" target=\"_self\">Prensoland en LIBYA BUILD &#8211; Tripoli<\/a><\/h3><div class=\"rpwe-summary\">17\u00aa Edici\u00f3n &#8211; LIBIA BUILD | 12 &#8211; 15 Mayo &hellip;<\/div><\/li><li class=\"rpwe-li rpwe-clearfix\"><a class=\"rpwe-img\" href=\"https:\/\/www.prensoland.com\/es\/bauma-2025-2\/\" target=\"_self\"><img class=\"rpwe-alignleft rpwe-thumb\" src=\"https:\/\/www.prensoland.com\/wp-content\/uploads\/bauma-oksiok-380x175.png\" alt=\"BAUMA MUNICH 2025\" height=\"175\" width=\"380\" loading=\"lazy\" decoding=\"async\"><\/a><h3 class=\"rpwe-title\"><a href=\"https:\/\/www.prensoland.com\/es\/bauma-2025-2\/\" target=\"_self\">BAUMA MUNICH 2025<\/a><\/h3><div class=\"rpwe-summary\">07 &#8211; 13 DE ABRIL 2025 BAUMA MUNICH 2025, LA &hellip;<\/div><\/li><li class=\"rpwe-li rpwe-clearfix\"><a class=\"rpwe-img\" href=\"https:\/\/www.prensoland.com\/es\/uk-concrete-show-2025\/\" target=\"_self\"><img class=\"rpwe-alignleft rpwe-thumb\" src=\"https:\/\/www.prensoland.com\/wp-content\/uploads\/UKCS-1-1-380x175.png\" alt=\"UK CONCRETE SHOW &#8211; REINO UNIDO\" height=\"175\" width=\"380\" loading=\"lazy\" decoding=\"async\"><\/a><h3 class=\"rpwe-title\"><a href=\"https:\/\/www.prensoland.com\/es\/uk-concrete-show-2025\/\" target=\"_self\">UK CONCRETE SHOW &#8211; REINO UNIDO<\/a><\/h3><div class=\"rpwe-summary\">26 &#8211; 27 DE FEBRERO 2025 UK CONCRETE SHOW ES &hellip;<\/div><\/li><li class=\"rpwe-li rpwe-clearfix\"><a class=\"rpwe-img\" href=\"https:\/\/www.prensoland.com\/es\/iccx-central-europe-2025\/\" target=\"_self\"><img class=\"rpwe-alignleft rpwe-thumb\" src=\"https:\/\/www.prensoland.com\/wp-content\/uploads\/iccx-central-europe-bona-1-380x175.png\" alt=\"Prensoland en ICCX Central Europe 2025\" height=\"175\" width=\"380\" loading=\"lazy\" decoding=\"async\"><\/a><h3 class=\"rpwe-title\"><a href=\"https:\/\/www.prensoland.com\/es\/iccx-central-europe-2025\/\" target=\"_self\">Prensoland en ICCX Central Europe 2025<\/a><\/h3><div class=\"rpwe-summary\">12-13 DE FEBRERO, 2025 Ya est\u00e1 aqu\u00ed de nuevo la &hellip;<\/div><\/li><li class=\"rpwe-li rpwe-clearfix\"><a class=\"rpwe-img\" href=\"https:\/\/www.prensoland.com\/es\/sib-salon-international-du-batiment-2024\/\" target=\"_self\"><img class=\"rpwe-alignleft rpwe-thumb\" src=\"https:\/\/www.prensoland.com\/wp-content\/uploads\/sib-4-380x175.png\" alt=\"Prensoland en SIB &#8211; Sal\u00f3n International du B\u00e2timent 2024\" height=\"175\" width=\"380\" loading=\"lazy\" decoding=\"async\"><\/a><h3 class=\"rpwe-title\"><a href=\"https:\/\/www.prensoland.com\/es\/sib-salon-international-du-batiment-2024\/\" target=\"_self\">Prensoland en SIB &#8211; Sal\u00f3n International du B\u00e2timent 2024<\/a><\/h3><div class=\"rpwe-summary\">20-24 de noviembre 2024 \u00a1Prep\u00e1rate para el Sal\u00f3n Internacional de &hellip;<\/div><\/li><li class=\"rpwe-li rpwe-clearfix\"><a class=\"rpwe-img\" href=\"https:\/\/www.prensoland.com\/es\/big-5-construct-2024-2\/\" target=\"_self\"><img class=\"rpwe-alignleft rpwe-thumb\" src=\"https:\/\/www.prensoland.com\/wp-content\/uploads\/1000008265-1-380x175.png\" alt=\"Prensoland en Big 5 Construct &#8211; Egypt\" height=\"175\" width=\"380\" loading=\"lazy\" decoding=\"async\"><\/a><h3 class=\"rpwe-title\"><a href=\"https:\/\/www.prensoland.com\/es\/big-5-construct-2024-2\/\" target=\"_self\">Prensoland en Big 5 Construct &#8211; Egypt<\/a><\/h3><div class=\"rpwe-summary\">25 \u2013 27 JUNIO 2024 El evento internacional de construcci\u00f3n &hellip;<\/div><\/li><li class=\"rpwe-li rpwe-clearfix\"><a class=\"rpwe-img\" href=\"https:\/\/www.prensoland.com\/es\/intermat-2024-2\/\" target=\"_self\"><img class=\"rpwe-alignleft rpwe-thumb\" src=\"https:\/\/www.prensoland.com\/wp-content\/uploads\/Sin-INTERMAT-380x175.png\" alt=\"INTERMAT &#8211; Par\u00eds\" height=\"175\" width=\"380\" loading=\"lazy\" decoding=\"async\"><\/a><h3 class=\"rpwe-title\"><a href=\"https:\/\/www.prensoland.com\/es\/intermat-2024-2\/\" target=\"_self\">INTERMAT &#8211; Par\u00eds<\/a><\/h3><div class=\"rpwe-summary\">24 \u2013 27 DE ABRIL 2024 La pr\u00f3xima edici\u00f3n de\u00a0INTERMAT, &hellip;<\/div><\/li><li class=\"rpwe-li rpwe-clearfix\"><a class=\"rpwe-img\" href=\"https:\/\/www.prensoland.com\/es\/the-uk-concrete-show-2024\/\" target=\"_self\"><img class=\"rpwe-alignleft rpwe-thumb\" src=\"https:\/\/www.prensoland.com\/wp-content\/uploads\/NUEVO-UK-1-380x175.png\" alt=\"Prensoland en The UK Concrete Show &#8211; Birmingham\" height=\"175\" width=\"380\" loading=\"lazy\" decoding=\"async\"><\/a><h3 class=\"rpwe-title\"><a href=\"https:\/\/www.prensoland.com\/es\/the-uk-concrete-show-2024\/\" target=\"_self\">Prensoland en The UK Concrete Show &#8211; Birmingham<\/a><\/h3><div class=\"rpwe-summary\">20-21 DE MARZO, 2024 No te puedes perder la exhibici\u00f3n &hellip;<\/div><\/li><li class=\"rpwe-li rpwe-clearfix\"><a class=\"rpwe-img\" href=\"https:\/\/www.prensoland.com\/es\/iccx-central-europe-2024\/\" target=\"_self\"><img class=\"rpwe-alignleft rpwe-thumb\" src=\"https:\/\/www.prensoland.com\/wp-content\/uploads\/Polish_20240123_2159383213-scaled-380x175.jpg\" alt=\"Prensoland en ICCX Central Europe 2024\" height=\"175\" width=\"380\" loading=\"lazy\" decoding=\"async\"><\/a><h3 class=\"rpwe-title\"><a href=\"https:\/\/www.prensoland.com\/es\/iccx-central-europe-2024\/\" target=\"_self\">Prensoland en ICCX Central Europe 2024<\/a><\/h3><div class=\"rpwe-summary\">28-29 DE FEBRERO, 2024 Ya est\u00e1 aqu\u00ed de nuevo la &hellip;<\/div><\/li><\/ul><\/div><!-- Generated by http:\/\/wordpress.org\/plugins\/recent-posts-widget-extended\/ --><\/div><\/div><div id=\"panel-2948-1-0-2\" class=\"widget_text so-panel widget widget_custom_html panel-last-child\" data-index=\"3\" ><div class=\"textwidget custom-html-widget\"><style>\n#panel-2948-1-0-1 > div > div > ul > li > a > img{width: 100%}\n#panel-2948-1-0-1 > div > div > ul > li.rpwe-li.rpwe-clearfix {height: 300px}\n#panel-2948-1-1-1 > div > div > ul > li.rpwe-li.rpwe-clearfix {height: 90px}\n\n\t\n<\/style><\/div><\/div><\/div><div id=\"pgc-2948-1-1\"  class=\"panel-grid-cell\" ><div id=\"panel-2948-1-1-0\" class=\"so-panel widget widget_sow-editor panel-first-child\" data-index=\"4\" ><div class=\"panel-widget-style panel-widget-style-for-2948-1-1-0\" ><div\n\t\t\t\n\t\t\tclass=\"so-widget-sow-editor so-widget-sow-editor-base\"\n\t\t\t\n\t\t>\n<div class=\"siteorigin-widget-tinymce textwidget\">\n\t<h2 style=\"font-size: 18px; margin: 0em; color: #666666;\">Noticias<\/h2>\n<\/div>\n<\/div><\/div><\/div><div id=\"panel-2948-1-1-1\" class=\"so-panel widget widget_rpwe_widget rpwe_widget recent-posts-extended panel-last-child\" data-index=\"5\" ><div class=\"panel-widget-style panel-widget-style-for-2948-1-1-1\" ><style>.rpwe-block ul{\nlist-style: none !important;\nmargin-left: 0 !important;\npadding-left: 0 !important;\n}\n\n.rpwe-block li{\nborder-bottom: 1px solid #eee;\nmargin: 0 0 8px !important;\npadding: 5px 0 10px !important;\nlist-style-type: none !important;\ndisplay: block;\n}\n\n.rpwe-block a{\ndisplay: inline !important;\ntext-decoration: none;\n}\n\n.rpwe-block h3{\nbackground: none !important;\nclear: none;\nmargin-bottom: 0 !important;\nmargin-top: 0 !important;\nfont-weight: 400;\nfont-size: 12px !important;\nline-height: 1.5em;\n}\n\n.rpwe-thumb{\nborder: 1px solid #eee !important;\nbox-shadow: none !important;\nmargin: 2px 10px 2px 0 !important;\npadding: 3px !important;\n}\n\n.rpwe-summary{\nfont-size: 12px;\n}\n\n.rpwe-time{\ncolor: #bbb;\nfont-size: 11px;\n}\n\n.rpwe-comment{\ncolor: #bbb;\nfont-size: 11px;\npadding-left: 5px;\n}\n\n.rpwe-alignleft{\ndisplay: inline;\nfloat: left;\n}\n\n.rpwe-alignright{\ndisplay: inline;\nfloat: right;\n}\n\n.rpwe-aligncenter{\ndisplay: block;\nmargin-left: auto;\nmargin-right: auto;\n}\n\n.rpwe-clearfix:before,\n.rpwe-clearfix:after{\ncontent: &quot;&quot;;\ndisplay: table !important;\n}\n\n.rpwe-clearfix:after{\nclear: both;\n}\n\n.rpwe-clearfix{\nzoom: 1;\n}\n<\/style><div  class=\"rpwe-block\"><ul class=\"rpwe-ul\"><li class=\"rpwe-li rpwe-clearfix\"><a class=\"rpwe-img\" href=\"https:\/\/www.prensoland.com\/es\/vacaciones-de-semana-santa-3\/\" target=\"_self\"><img class=\"rpwe-alignleft rpwe-thumb\" src=\"https:\/\/www.prensoland.com\/wp-content\/uploads\/SETMANA-SANTA-2026-100x75.png\" alt=\"VACACIONES DE SEMANA SANTA\" height=\"75\" width=\"100\" loading=\"lazy\" decoding=\"async\"><\/a><h3 class=\"rpwe-title\"><a href=\"https:\/\/www.prensoland.com\/es\/vacaciones-de-semana-santa-3\/\" target=\"_self\">VACACIONES DE SEMANA SANTA<\/a><\/h3><time class=\"rpwe-time published\" datetime=\"2026-03-27T08:00:25+01:00\">27\/03\/2026<\/time><div class=\"rpwe-summary\">&#x1f423; \u00a1Llega las vacaciones de Semana Santa! Estaremos cerrados del &hellip;<\/div><\/li><li class=\"rpwe-li rpwe-clearfix\"><a class=\"rpwe-img\" href=\"https:\/\/www.prensoland.com\/es\/vacaciones-de-navidad-2024-2025-2\/\" target=\"_self\"><img class=\"rpwe-alignleft rpwe-thumb\" src=\"https:\/\/www.prensoland.com\/wp-content\/uploads\/Presnoland-Nadal-2025-ES-scaled-100x75.jpg\" alt=\"VACACIONES DE NAVIDAD\" height=\"75\" width=\"100\" loading=\"lazy\" decoding=\"async\"><\/a><h3 class=\"rpwe-title\"><a href=\"https:\/\/www.prensoland.com\/es\/vacaciones-de-navidad-2024-2025-2\/\" target=\"_self\">VACACIONES DE NAVIDAD<\/a><\/h3><time class=\"rpwe-time published\" datetime=\"2025-12-25T17:37:50+01:00\">25\/12\/2025<\/time><div class=\"rpwe-summary\">Desde Prensoland os deseamos unas felices fiestas y un pr\u00f3spero &hellip;<\/div><\/li><li class=\"rpwe-li rpwe-clearfix\"><a class=\"rpwe-img\" href=\"https:\/\/www.prensoland.com\/es\/cerrado-por-vacaciones\/\" target=\"_self\"><img class=\"rpwe-alignleft rpwe-thumb\" src=\"https:\/\/www.prensoland.com\/wp-content\/uploads\/vacances-1-100x75.png\" alt=\"VACACIONES DE VERANO\" height=\"75\" width=\"100\" loading=\"lazy\" decoding=\"async\"><\/a><h3 class=\"rpwe-title\"><a href=\"https:\/\/www.prensoland.com\/es\/cerrado-por-vacaciones\/\" target=\"_self\">VACACIONES DE VERANO<\/a><\/h3><time class=\"rpwe-time published\" datetime=\"2025-08-04T16:07:38+02:00\">04\/08\/2025<\/time><div class=\"rpwe-summary\">Cerrado por vacaciones Estaremos de vacaciones del 11 al 17 &hellip;<\/div><\/li><li class=\"rpwe-li rpwe-clearfix\"><a class=\"rpwe-img\" href=\"https:\/\/www.prensoland.com\/es\/vacaciones-de-semana-santa-2025\/\" target=\"_self\"><img class=\"rpwe-alignleft rpwe-thumb\" src=\"https:\/\/www.prensoland.com\/wp-content\/uploads\/Publicacio-Setmana-Santa-2025-100x75.png\" alt=\"VACACIONES DE SEMANA SANTA\" height=\"75\" width=\"100\" loading=\"lazy\" decoding=\"async\"><\/a><h3 class=\"rpwe-title\"><a href=\"https:\/\/www.prensoland.com\/es\/vacaciones-de-semana-santa-2025\/\" target=\"_self\">VACACIONES DE SEMANA SANTA<\/a><\/h3><time class=\"rpwe-time published\" datetime=\"2025-04-13T11:55:10+02:00\">13\/04\/2025<\/time><div class=\"rpwe-summary\">Estaremos cerrados del 16 al 21 de abril (ambos incluidos) &hellip;<\/div><\/li><li class=\"rpwe-li rpwe-clearfix\"><a class=\"rpwe-img\" href=\"https:\/\/www.prensoland.com\/es\/refuerzo-en-nuestro-equipo-para-espana-turquia-y-asia\/\" target=\"_self\"><img class=\"rpwe-alignleft rpwe-thumb\" src=\"https:\/\/www.prensoland.com\/wp-content\/uploads\/compacta-tensy-100x75.jpg\" alt=\"Refuerzo en nuestro equipo para Espa\u00f1a, Turqu\u00eda y Asia\" height=\"75\" width=\"100\" loading=\"lazy\" decoding=\"async\"><\/a><h3 class=\"rpwe-title\"><a href=\"https:\/\/www.prensoland.com\/es\/refuerzo-en-nuestro-equipo-para-espana-turquia-y-asia\/\" target=\"_self\">Refuerzo en nuestro equipo para Espa\u00f1a, Turqu\u00eda y Asia<\/a><\/h3><time class=\"rpwe-time published\" datetime=\"2025-04-04T22:05:51+02:00\">04\/04\/2025<\/time><div class=\"rpwe-summary\">Queridos Clientes, Colaboradores y Amigos Nos complace informarle de la &hellip;<\/div><\/li><li class=\"rpwe-li rpwe-clearfix\"><a class=\"rpwe-img\" href=\"https:\/\/www.prensoland.com\/es\/vacaciones-de-navidad-2024-2025\/\" rel=\"bookmark\"><img loading=\"lazy\" decoding=\"async\" class=\"rpwe-alignleft rpwe-thumb rpwe-default-thumb\" src=\"https:\/\/via.placeholder.com\/48x24\/f0f0f0\/ccc\" alt=\"VACACIONES DE NAVIDAD\" width=\"100\" height=\"75\"><\/a><h3 class=\"rpwe-title\"><a href=\"https:\/\/www.prensoland.com\/es\/vacaciones-de-navidad-2024-2025\/\" target=\"_self\">VACACIONES DE NAVIDAD<\/a><\/h3><time class=\"rpwe-time published\" datetime=\"2024-12-17T10:27:27+01:00\">17\/12\/2024<\/time><div class=\"rpwe-summary\">Nos tomaremos un peque\u00f1o descanso para disfrutar de las fiestas. &hellip;<\/div><\/li><li class=\"rpwe-li rpwe-clearfix\"><a class=\"rpwe-img\" href=\"https:\/\/www.prensoland.com\/es\/tensyland\/\" rel=\"bookmark\"><img loading=\"lazy\" decoding=\"async\" class=\"rpwe-alignleft rpwe-thumb rpwe-default-thumb\" src=\"https:\/\/via.placeholder.com\/48x24\/f0f0f0\/ccc\" alt=\"Prensoland presenta una m\u00e1quina de Transporte de Hormig\u00f3n totalmente el\u00e9ctrica con bater\u00eda de litio en la gama Tensyland\" width=\"100\" height=\"75\"><\/a><h3 class=\"rpwe-title\"><a href=\"https:\/\/www.prensoland.com\/es\/tensyland\/\" target=\"_self\">Prensoland presenta una m\u00e1quina de Transporte de Hormig\u00f3n totalmente el\u00e9ctrica con bater\u00eda de litio en la gama Tensyland<\/a><\/h3><time class=\"rpwe-time published\" datetime=\"2024-11-14T07:19:29+01:00\">14\/11\/2024<\/time><div class=\"rpwe-summary\">Prensoland se complace en anunciar el lanzamiento de nuestra \u00faltima &hellip;<\/div><\/li><li class=\"rpwe-li rpwe-clearfix\"><a class=\"rpwe-img\" href=\"https:\/\/www.prensoland.com\/es\/vacaciones-verano-2024\/\" target=\"_self\"><img class=\"rpwe-alignleft rpwe-thumb\" src=\"https:\/\/www.prensoland.com\/wp-content\/uploads\/summer-web-2024-6-100x75.png\" alt=\"VACACIONES DE VERANO\" height=\"75\" width=\"100\" loading=\"lazy\" decoding=\"async\"><\/a><h3 class=\"rpwe-title\"><a href=\"https:\/\/www.prensoland.com\/es\/vacaciones-verano-2024\/\" target=\"_self\">VACACIONES DE VERANO<\/a><\/h3><time class=\"rpwe-time published\" datetime=\"2024-08-05T12:40:22+02:00\">05\/08\/2024<\/time><div class=\"rpwe-summary\">Vacaciones del 12 al 25 de agosto (ambos incluidos) RECAMBIOS &hellip;<\/div><\/li><li class=\"rpwe-li rpwe-clearfix\"><a class=\"rpwe-img\" href=\"https:\/\/www.prensoland.com\/es\/intermat-2024-2-2\/\" target=\"_self\"><img class=\"rpwe-alignleft rpwe-thumb\" src=\"https:\/\/www.prensoland.com\/wp-content\/uploads\/Portes-Obertes-Grup-Recepcio-scaled-100x75.jpg\" alt=\"Descobreix com Prensoland i Impulsa estan transformant vides junts\" height=\"75\" width=\"100\" loading=\"lazy\" decoding=\"async\"><\/a><h3 class=\"rpwe-title\"><a href=\"https:\/\/www.prensoland.com\/es\/intermat-2024-2-2\/\" target=\"_self\">Descobreix com Prensoland i Impulsa estan transformant vides junts<\/a><\/h3><time class=\"rpwe-time published\" datetime=\"2024-04-26T11:21:16+02:00\">26\/04\/2024<\/time><div class=\"rpwe-summary\">Estem emocionats d&#8217;anunciar el gran \u00e8xit de les nostres Jornades &hellip;<\/div><\/li><li class=\"rpwe-li rpwe-clearfix\"><a class=\"rpwe-img\" href=\"https:\/\/www.prensoland.com\/es\/building-systems-integrated-products\/\" target=\"_self\"><img class=\"rpwe-alignleft rpwe-thumb\" src=\"https:\/\/www.prensoland.com\/wp-content\/uploads\/Tensyland-EV-5-5-100x75.jpg\" alt=\"Productos Integrados de Sistemas de Construcci\u00f3n &#8211; C\u00f3digos Internacionales\" height=\"75\" width=\"100\" loading=\"lazy\" decoding=\"async\"><\/a><h3 class=\"rpwe-title\"><a href=\"https:\/\/www.prensoland.com\/es\/building-systems-integrated-products\/\" target=\"_self\">Productos Integrados de Sistemas de Construcci\u00f3n &#8211; C\u00f3digos Internacionales<\/a><\/h3><time class=\"rpwe-time published\" datetime=\"2024-03-20T11:27:55+01:00\">20\/03\/2024<\/time><div class=\"rpwe-summary\">Opci\u00f3n Seleccionable:Alambres vistosCables expuestos \u00c1rea de acero m\u00e1s alta como &hellip;<\/div><\/li><li class=\"rpwe-li rpwe-clearfix\"><a class=\"rpwe-img\" href=\"https:\/\/www.prensoland.com\/es\/prensoland-at-iccx-russia-2020-3-2__trashed-3-2\/\" target=\"_self\"><img class=\"rpwe-alignleft rpwe-thumb\" src=\"https:\/\/www.prensoland.com\/wp-content\/uploads\/9-5-100x75.png\" alt=\"AHORA QUE PUEDES ELEGIR, \u00bfCU\u00c1L PREFIERES?\" height=\"75\" width=\"100\" loading=\"lazy\" decoding=\"async\"><\/a><h3 class=\"rpwe-title\"><a href=\"https:\/\/www.prensoland.com\/es\/prensoland-at-iccx-russia-2020-3-2__trashed-3-2\/\" target=\"_self\">AHORA QUE PUEDES ELEGIR, \u00bfCU\u00c1L PREFIERES?<\/a><\/h3><time class=\"rpwe-time published\" datetime=\"2024-03-20T10:01:57+01:00\">20\/03\/2024<\/time><div class=\"rpwe-summary\">Placas alveolares legadas,lado liso. Con lado dentado (paras\u00edsmico) o lados &hellip;<\/div><\/li><li class=\"rpwe-li rpwe-clearfix\"><a class=\"rpwe-img\" href=\"https:\/\/www.prensoland.com\/es\/vacaciones-de-semana-santa-2024\/\" target=\"_self\"><img class=\"rpwe-alignleft rpwe-thumb\" src=\"https:\/\/www.prensoland.com\/wp-content\/uploads\/PASQUA-OFICIAL-3-100x75.png\" alt=\"VACACIONES DE SEMANA SANTA\" height=\"75\" width=\"100\" loading=\"lazy\" decoding=\"async\"><\/a><h3 class=\"rpwe-title\"><a href=\"https:\/\/www.prensoland.com\/es\/vacaciones-de-semana-santa-2024\/\" target=\"_self\">VACACIONES DE SEMANA SANTA<\/a><\/h3><time class=\"rpwe-time published\" datetime=\"2024-03-19T13:33:20+01:00\">19\/03\/2024<\/time><div class=\"rpwe-summary\">Estaremos cerrados del 25 de marzo al 1 de abril &hellip;<\/div><\/li><li class=\"rpwe-li rpwe-clearfix\"><a class=\"rpwe-img\" href=\"https:\/\/www.prensoland.com\/es\/fundacioimpulsa-2024\/\" target=\"_self\"><img class=\"rpwe-alignleft rpwe-thumb\" src=\"https:\/\/www.prensoland.com\/wp-content\/uploads\/ORGANITZACIO-3-100x75.png\" alt=\"FUNDACI\u00d3 IMPULSA\" height=\"75\" width=\"100\" loading=\"lazy\" decoding=\"async\"><\/a><h3 class=\"rpwe-title\"><a href=\"https:\/\/www.prensoland.com\/es\/fundacioimpulsa-2024\/\" target=\"_self\">FUNDACI\u00d3 IMPULSA<\/a><\/h3><time class=\"rpwe-time published\" datetime=\"2024-03-19T13:27:46+01:00\">19\/03\/2024<\/time><div class=\"rpwe-summary\">Prensoland apuesta por la Fundaci\u00f3 Impulsa y se convierte en &hellip;<\/div><\/li><li class=\"rpwe-li rpwe-clearfix\"><a class=\"rpwe-img\" href=\"https:\/\/www.prensoland.com\/es\/felices-fiestas\/\" target=\"_self\"><img class=\"rpwe-alignleft rpwe-thumb\" src=\"https:\/\/www.prensoland.com\/wp-content\/uploads\/Castella-100x75.png\" alt=\"\u00a1Felices Fiestas!\" height=\"75\" width=\"100\" loading=\"lazy\" decoding=\"async\"><\/a><h3 class=\"rpwe-title\"><a href=\"https:\/\/www.prensoland.com\/es\/felices-fiestas\/\" target=\"_self\">\u00a1Felices Fiestas!<\/a><\/h3><time class=\"rpwe-time published\" datetime=\"2023-12-21T11:07:44+01:00\">21\/12\/2023<\/time><div class=\"rpwe-summary\">Os deseamos Feliz Navidad y pr\u00f3spero a\u00f1o 2024 Estaremos cerrados &hellip;<\/div><\/li><li class=\"rpwe-li rpwe-clearfix\"><a class=\"rpwe-img\" href=\"https:\/\/www.prensoland.com\/es\/vacaciones-de-verano-2023\/\" target=\"_self\"><img class=\"rpwe-alignleft rpwe-thumb\" src=\"https:\/\/www.prensoland.com\/wp-content\/uploads\/VACANCES-2023-100x75.png\" alt=\"VACACIONES DE VERANO\" height=\"75\" width=\"100\" loading=\"lazy\" decoding=\"async\"><\/a><h3 class=\"rpwe-title\"><a href=\"https:\/\/www.prensoland.com\/es\/vacaciones-de-verano-2023\/\" target=\"_self\">VACACIONES DE VERANO<\/a><\/h3><time class=\"rpwe-time published\" datetime=\"2023-07-31T15:10:12+02:00\">31\/07\/2023<\/time><div class=\"rpwe-summary\">Estaremos cerrados por vacaciones del 7 al 27 de agosto &hellip;<\/div><\/li><li class=\"rpwe-li rpwe-clearfix\"><a class=\"rpwe-img\" href=\"https:\/\/www.prensoland.com\/es\/vacaciones-de-semana-santa-2023\/\" target=\"_self\"><img class=\"rpwe-alignleft rpwe-thumb\" src=\"https:\/\/www.prensoland.com\/wp-content\/uploads\/Setmana-Santa-2023web-3-scaled-100x75.jpg\" alt=\"VACACIONES DE SEMANA SANTA\" height=\"75\" width=\"100\" loading=\"lazy\" decoding=\"async\"><\/a><h3 class=\"rpwe-title\"><a href=\"https:\/\/www.prensoland.com\/es\/vacaciones-de-semana-santa-2023\/\" target=\"_self\">VACACIONES DE SEMANA SANTA<\/a><\/h3><time class=\"rpwe-time published\" datetime=\"2023-03-31T11:50:42+02:00\">31\/03\/2023<\/time><div class=\"rpwe-summary\">Estaremos cerrados del 3 al 10 de abril (ambos incluidos) &hellip;<\/div><\/li><li class=\"rpwe-li rpwe-clearfix\"><a class=\"rpwe-img\" href=\"https:\/\/www.prensoland.com\/es\/feliz-navidad\/\" target=\"_self\"><img class=\"rpwe-alignleft rpwe-thumb\" src=\"https:\/\/www.prensoland.com\/wp-content\/uploads\/1668414842396-1-100x75.jpg\" alt=\"\u00a1Feliz Navidad!\" height=\"75\" width=\"100\" loading=\"lazy\" decoding=\"async\"><\/a><h3 class=\"rpwe-title\"><a href=\"https:\/\/www.prensoland.com\/es\/feliz-navidad\/\" target=\"_self\">\u00a1Feliz Navidad!<\/a><\/h3><time class=\"rpwe-time published\" datetime=\"2022-12-20T10:48:11+01:00\">20\/12\/2022<\/time><div class=\"rpwe-summary\">Os deseamos Feliz Navidad y pr\u00f3spero a\u00f1o 2023 Estaremos cerrados &hellip;<\/div><\/li><li class=\"rpwe-li rpwe-clearfix\"><a class=\"rpwe-img\" href=\"https:\/\/www.prensoland.com\/es\/vacaciones-de-verano-2-2-2\/\" target=\"_self\"><img class=\"rpwe-alignleft rpwe-thumb\" src=\"https:\/\/www.prensoland.com\/wp-content\/uploads\/1668417214098-scaled-100x75.jpg\" alt=\"\u00a1VACACIONES DE INVIERNO!\" height=\"75\" width=\"100\" loading=\"lazy\" decoding=\"async\"><\/a><h3 class=\"rpwe-title\"><a href=\"https:\/\/www.prensoland.com\/es\/vacaciones-de-verano-2-2-2\/\" target=\"_self\">\u00a1VACACIONES DE INVIERNO!<\/a><\/h3><time class=\"rpwe-time published\" datetime=\"2022-11-28T10:51:05+01:00\">28\/11\/2022<\/time><div class=\"rpwe-summary\">ESTAREMOS DE VACACIONES DEL 5 AL 11 DE DICIEMBRE (AMBOS &hellip;<\/div><\/li><li class=\"rpwe-li rpwe-clearfix\"><a class=\"rpwe-img\" href=\"https:\/\/www.prensoland.com\/es\/vacaciones-de-verano-2-2\/\" target=\"_self\"><img class=\"rpwe-alignleft rpwe-thumb\" src=\"https:\/\/www.prensoland.com\/wp-content\/uploads\/vacancesweb-100x75.png\" alt=\"\u00a1VACACIONES DE VERANO!\" height=\"75\" width=\"100\" loading=\"lazy\" decoding=\"async\"><\/a><h3 class=\"rpwe-title\"><a href=\"https:\/\/www.prensoland.com\/es\/vacaciones-de-verano-2-2\/\" target=\"_self\">\u00a1VACACIONES DE VERANO!<\/a><\/h3><time class=\"rpwe-time published\" datetime=\"2022-08-01T14:00:22+02:00\">01\/08\/2022<\/time><div class=\"rpwe-summary\">ESTAREMOS DE VACACIONES DEL 8 AL 28 DE AGOSTO (AMBOS &hellip;<\/div><\/li><li class=\"rpwe-li rpwe-clearfix\"><a class=\"rpwe-img\" href=\"https:\/\/www.prensoland.com\/es\/vacaciones-de-semana-santa-2\/\" target=\"_self\"><img class=\"rpwe-alignleft rpwe-thumb\" src=\"https:\/\/www.prensoland.com\/wp-content\/uploads\/setmana-santa-2022-100x75.png\" alt=\"VACACIONES DE SEMANA SANTA\" height=\"75\" width=\"100\" loading=\"lazy\" decoding=\"async\"><\/a><h3 class=\"rpwe-title\"><a href=\"https:\/\/www.prensoland.com\/es\/vacaciones-de-semana-santa-2\/\" target=\"_self\">VACACIONES DE SEMANA SANTA<\/a><\/h3><time class=\"rpwe-time published\" datetime=\"2022-04-06T15:26:40+02:00\">06\/04\/2022<\/time><div class=\"rpwe-summary\">Estaremos cerrados del 11 al 18 de abril (ambos incluidos) &hellip;<\/div><\/li><li class=\"rpwe-li rpwe-clearfix\"><a class=\"rpwe-img\" href=\"https:\/\/www.prensoland.com\/es\/ya-es-navidad-3\/\" target=\"_self\"><img class=\"rpwe-alignleft rpwe-thumb\" src=\"https:\/\/www.prensoland.com\/wp-content\/uploads\/paz-100x75.jpg\" alt=\"\u00a1Ya es Navidad!\" height=\"75\" width=\"100\" loading=\"lazy\" decoding=\"async\"><\/a><h3 class=\"rpwe-title\"><a href=\"https:\/\/www.prensoland.com\/es\/ya-es-navidad-3\/\" target=\"_self\">\u00a1Ya es Navidad!<\/a><\/h3><time class=\"rpwe-time published\" datetime=\"2021-12-20T14:57:18+01:00\">20\/12\/2021<\/time><div class=\"rpwe-summary\">Os deseamos Feliz Navidad y pr\u00f3spero a\u00f1o 2022 Estaremos cerrados &hellip;<\/div><\/li><li class=\"rpwe-li rpwe-clearfix\"><a class=\"rpwe-img\" href=\"https:\/\/www.prensoland.com\/es\/vacaciones-de-verano-2\/\" target=\"_self\"><img class=\"rpwe-alignleft rpwe-thumb\" src=\"https:\/\/www.prensoland.com\/wp-content\/uploads\/Publi-estiu-2021-1-100x75.png\" alt=\"\u00a1VACACIONES DE VERANO!\" height=\"75\" width=\"100\" loading=\"lazy\" decoding=\"async\"><\/a><h3 class=\"rpwe-title\"><a href=\"https:\/\/www.prensoland.com\/es\/vacaciones-de-verano-2\/\" target=\"_self\">\u00a1VACACIONES DE VERANO!<\/a><\/h3><time class=\"rpwe-time published\" datetime=\"2021-07-27T12:34:23+02:00\">27\/07\/2021<\/time><div class=\"rpwe-summary\">ESTAREMOS DE VACACIONES DEL 2 AL 22 DE AGOSTO (AMBOS &hellip;<\/div><\/li><li class=\"rpwe-li rpwe-clearfix\"><a class=\"rpwe-img\" href=\"https:\/\/www.prensoland.com\/es\/vacaciones-de-semana-santa\/\" target=\"_self\"><img class=\"rpwe-alignleft rpwe-thumb\" src=\"https:\/\/www.prensoland.com\/wp-content\/uploads\/setmana-santa-2021-100x75.jpg\" alt=\"\u00a1VACACIONES DE SEMANA SANTA!\" height=\"75\" width=\"100\" loading=\"lazy\" decoding=\"async\"><\/a><h3 class=\"rpwe-title\"><a href=\"https:\/\/www.prensoland.com\/es\/vacaciones-de-semana-santa\/\" target=\"_self\">\u00a1VACACIONES DE SEMANA SANTA!<\/a><\/h3><time class=\"rpwe-time published\" datetime=\"2021-03-22T15:02:15+01:00\">22\/03\/2021<\/time><div class=\"rpwe-summary\">ESTAREMOS DE VACACIONES DE SEMANA SANTA DEL 29 DE MARZO &hellip;<\/div><\/li><li class=\"rpwe-li rpwe-clearfix\"><a class=\"rpwe-img\" href=\"https:\/\/www.prensoland.com\/es\/nuevo-horario\/\" target=\"_self\"><img class=\"rpwe-alignleft rpwe-thumb\" src=\"https:\/\/www.prensoland.com\/wp-content\/uploads\/Prensoland-Aerea-1-100x75.png\" alt=\"NUEVO HORARIO\" height=\"75\" width=\"100\" loading=\"lazy\" decoding=\"async\"><\/a><h3 class=\"rpwe-title\"><a href=\"https:\/\/www.prensoland.com\/es\/nuevo-horario\/\" target=\"_self\">NUEVO HORARIO<\/a><\/h3><time class=\"rpwe-time published\" datetime=\"2020-11-13T08:09:54+01:00\">13\/11\/2020<\/time><div class=\"rpwe-summary\">LOS VIERNES EN PRENSOLAND ABRIMOS DE 07.00h a 15.00h DE &hellip;<\/div><\/li><li class=\"rpwe-li rpwe-clearfix\"><a class=\"rpwe-img\" href=\"https:\/\/www.prensoland.com\/es\/vacaciones-de-verano\/\" target=\"_self\"><img class=\"rpwe-alignleft rpwe-thumb\" src=\"https:\/\/www.prensoland.com\/wp-content\/uploads\/car-toy-red-side-viewMODrd-100x75.png\" alt=\"\u00a1VACACIONES DE VERANO!\" height=\"75\" width=\"100\" loading=\"lazy\" decoding=\"async\"><\/a><h3 class=\"rpwe-title\"><a href=\"https:\/\/www.prensoland.com\/es\/vacaciones-de-verano\/\" target=\"_self\">\u00a1VACACIONES DE VERANO!<\/a><\/h3><time class=\"rpwe-time published\" datetime=\"2020-08-01T10:30:48+02:00\">01\/08\/2020<\/time><div class=\"rpwe-summary\">ESTAREMOS DE VACACIONES DEL 3 AL 23 DE AGOSTO (AMBOS &hellip;<\/div><\/li><li class=\"rpwe-li rpwe-clearfix\"><a class=\"rpwe-img\" href=\"https:\/\/www.prensoland.com\/es\/prensoland-sa-nuestra-prioridad-tu-futuro\/\" target=\"_self\"><img class=\"rpwe-alignleft rpwe-thumb\" src=\"https:\/\/www.prensoland.com\/wp-content\/uploads\/PHI-MAG2020-ESP2-100x75.jpg\" alt=\"PRENSOLAND &#8211; Nuestra Prioridad Tu Futuro\" height=\"75\" width=\"100\" loading=\"lazy\" decoding=\"async\"><\/a><h3 class=\"rpwe-title\"><a href=\"https:\/\/www.prensoland.com\/es\/prensoland-sa-nuestra-prioridad-tu-futuro\/\" target=\"_self\">PRENSOLAND &#8211; Nuestra Prioridad Tu Futuro<\/a><\/h3><time class=\"rpwe-time published\" datetime=\"2020-06-11T09:46:00+02:00\">11\/06\/2020<\/time><div class=\"rpwe-summary\">PRENSOLAND SA &#8211; NUESTRA PRIORIDAD TU FUTURO Este es un &hellip;<\/div><\/li><li class=\"rpwe-li rpwe-clearfix\"><a class=\"rpwe-img\" href=\"https:\/\/www.prensoland.com\/es\/covid-19\/\" rel=\"bookmark\"><img loading=\"lazy\" decoding=\"async\" class=\"rpwe-alignleft rpwe-thumb rpwe-default-thumb\" src=\"https:\/\/via.placeholder.com\/48x24\/f0f0f0\/ccc\" alt=\"AFECTACI\u00d3N COVID-19\" width=\"100\" height=\"75\"><\/a><h3 class=\"rpwe-title\"><a href=\"https:\/\/www.prensoland.com\/es\/covid-19\/\" target=\"_self\">AFECTACI\u00d3N COVID-19<\/a><\/h3><time class=\"rpwe-time published\" datetime=\"2020-03-31T10:53:19+02:00\">31\/03\/2020<\/time><div class=\"rpwe-summary\">Queridos Clientes, Colaboradores y Amigos En la etapa actual y &hellip;<\/div><\/li><li class=\"rpwe-li rpwe-clearfix\"><a class=\"rpwe-img\" href=\"https:\/\/www.prensoland.com\/es\/ya-es-navidad\/\" target=\"_self\"><img class=\"rpwe-alignleft rpwe-thumb\" src=\"https:\/\/www.prensoland.com\/wp-content\/uploads\/Dise\u00f1o-no-guardado-2-100x75.jpg\" alt=\"\u00a1Ya es Navidad!\" height=\"75\" width=\"100\" loading=\"lazy\" decoding=\"async\"><\/a><h3 class=\"rpwe-title\"><a href=\"https:\/\/www.prensoland.com\/es\/ya-es-navidad\/\" target=\"_self\">\u00a1Ya es Navidad!<\/a><\/h3><time class=\"rpwe-time published\" datetime=\"2019-12-19T16:51:10+01:00\">19\/12\/2019<\/time><div class=\"rpwe-summary\">Desde Prensoland os deseamos Feliz Navidad y pr\u00f3spero a\u00f1o 2020 &hellip;<\/div><\/li><li class=\"rpwe-li rpwe-clearfix\"><a class=\"rpwe-img\" href=\"https:\/\/www.prensoland.com\/es\/feriaconexpo_chile\/\" target=\"_self\"><img class=\"rpwe-alignleft rpwe-thumb\" src=\"https:\/\/www.prensoland.com\/wp-content\/uploads\/CONEXPO_Prensoland-100x75.jpg\" alt=\"Prensoland en CONEXPO, Chile\" height=\"75\" width=\"100\" loading=\"lazy\" decoding=\"async\"><\/a><h3 class=\"rpwe-title\"><a href=\"https:\/\/www.prensoland.com\/es\/feriaconexpo_chile\/\" target=\"_self\">Prensoland en CONEXPO, Chile<\/a><\/h3><time class=\"rpwe-time published\" datetime=\"2019-09-27T08:39:59+02:00\">27\/09\/2019<\/time><div class=\"rpwe-summary\">Prensoland, S.A\u00a0participa en la FPA en la Feria CONEXPO LATINAMERICA &hellip;<\/div><\/li><li class=\"rpwe-li rpwe-clearfix\"><a class=\"rpwe-img\" href=\"https:\/\/www.prensoland.com\/es\/nuevos-carros-para-la-extraccion-de-producto-tensyland\/\" target=\"_self\"><img class=\"rpwe-alignleft rpwe-thumb\" src=\"https:\/\/www.prensoland.com\/wp-content\/uploads\/Motorized-Extraction-Trolley_Tensyland.-100x75.jpg\" alt=\"Nuevos Carros para la extracci\u00f3n de producto Tensyland\" height=\"75\" width=\"100\" loading=\"lazy\" decoding=\"async\"><\/a><h3 class=\"rpwe-title\"><a href=\"https:\/\/www.prensoland.com\/es\/nuevos-carros-para-la-extraccion-de-producto-tensyland\/\" target=\"_self\">Nuevos Carros para la extracci\u00f3n de producto Tensyland<\/a><\/h3><time class=\"rpwe-time published\" datetime=\"2019-01-10T17:55:57+01:00\">10\/01\/2019<\/time><div class=\"rpwe-summary\">El departamento de I+D de Prensoland ha desarrollado un nuevo &hellip;<\/div><\/li><li class=\"rpwe-li rpwe-clearfix\"><a class=\"rpwe-img\" href=\"https:\/\/www.prensoland.com\/es\/programa-expande\/\" target=\"_self\"><img class=\"rpwe-alignleft rpwe-thumb\" src=\"https:\/\/www.prensoland.com\/wp-content\/uploads\/Logotipo-UE-2-100x75.jpg\" alt=\"Prensoland y el Programa Expande, fondo Europeo para el Desarollo Regional\" height=\"75\" width=\"100\" loading=\"lazy\" decoding=\"async\"><\/a><h3 class=\"rpwe-title\"><a href=\"https:\/\/www.prensoland.com\/es\/programa-expande\/\" target=\"_self\">Prensoland y el Programa Expande, fondo Europeo para el Desarollo Regional<\/a><\/h3><time class=\"rpwe-time published\" datetime=\"2018-12-04T17:22:13+01:00\">04\/12\/2018<\/time><div class=\"rpwe-summary\">Prensoland ha sido beneficiaria del Fondo Europeo de Desarrollo Regional &hellip;<\/div><\/li><li class=\"rpwe-li rpwe-clearfix\"><a class=\"rpwe-img\" href=\"https:\/\/www.prensoland.com\/es\/prensoland-y-el-sistema-indi-la-revolucion-en-el-marcado-de-vigas-y-placas\/\" target=\"_self\"><img class=\"rpwe-alignleft rpwe-thumb\" src=\"https:\/\/www.prensoland.com\/wp-content\/uploads\/Plotter_Prensoland-100x75.jpg\" alt=\"Prensoland y el sistema INDI: la revoluci\u00f3n en el marcado de vigas y placas\" height=\"75\" width=\"100\" loading=\"lazy\" decoding=\"async\"><\/a><h3 class=\"rpwe-title\"><a href=\"https:\/\/www.prensoland.com\/es\/prensoland-y-el-sistema-indi-la-revolucion-en-el-marcado-de-vigas-y-placas\/\" target=\"_self\">Prensoland y el sistema INDI: la revoluci\u00f3n en el marcado de vigas y placas<\/a><\/h3><time class=\"rpwe-time published\" datetime=\"2018-10-22T12:28:53+02:00\">22\/10\/2018<\/time><div class=\"rpwe-summary\">Prensoland,\u00a0 en colaboraci\u00f3n con la empresa Personas&amp;Tecnolog\u00eda, especializada en impresi\u00f3n &hellip;<\/div><\/li><li class=\"rpwe-li rpwe-clearfix\"><a class=\"rpwe-img\" href=\"https:\/\/www.prensoland.com\/es\/nueva-maquina-pico-flauta-y-cortadora-en-fresco-para-placas-alveolares-de-hormigon\/\" target=\"_self\"><img class=\"rpwe-alignleft rpwe-thumb\" src=\"https:\/\/www.prensoland.com\/wp-content\/uploads\/picoflauta-cortadora-fresco_Prensoland.-100x75.jpg\" alt=\"Nueva m\u00e1quina Pico-Flauta y cortadora en Fresco para placas alveolares de hormig\u00f3n\" height=\"75\" width=\"100\" loading=\"lazy\" decoding=\"async\"><\/a><h3 class=\"rpwe-title\"><a href=\"https:\/\/www.prensoland.com\/es\/nueva-maquina-pico-flauta-y-cortadora-en-fresco-para-placas-alveolares-de-hormigon\/\" target=\"_self\">Nueva m\u00e1quina Pico-Flauta y cortadora en Fresco para placas alveolares de hormig\u00f3n<\/a><\/h3><time class=\"rpwe-time published\" datetime=\"2018-09-19T10:15:37+02:00\">19\/09\/2018<\/time><div class=\"rpwe-summary\">Prensoland lanza una nueva m\u00e1quina de la l\u00ednea Tensyland, para &hellip;<\/div><\/li><li class=\"rpwe-li rpwe-clearfix\"><a class=\"rpwe-img\" href=\"https:\/\/www.prensoland.com\/es\/homologacion-sistema-forjado-parasismico\/\" target=\"_self\"><img class=\"rpwe-alignleft rpwe-thumb\" src=\"https:\/\/www.prensoland.com\/wp-content\/uploads\/FLOW-FORMING-100x75.jpg\" alt=\"Homologaci\u00f3n del Sistema de Forjado Paras\u00edsmico con losas\/placas prefabricadas en hormig\u00f3n\" height=\"75\" width=\"100\" loading=\"lazy\" decoding=\"async\"><\/a><h3 class=\"rpwe-title\"><a href=\"https:\/\/www.prensoland.com\/es\/homologacion-sistema-forjado-parasismico\/\" target=\"_self\">Homologaci\u00f3n del Sistema de Forjado Paras\u00edsmico con losas\/placas prefabricadas en hormig\u00f3n<\/a><\/h3><time class=\"rpwe-time published\" datetime=\"2018-06-07T17:20:39+02:00\">07\/06\/2018<\/time><div class=\"rpwe-summary\">Gracias a su adopci\u00f3n progresiva, las losas paras\u00edsmicas con dentado &hellip;<\/div><\/li><li class=\"rpwe-li rpwe-clearfix\"><a class=\"rpwe-img\" href=\"https:\/\/www.prensoland.com\/es\/feria-intermat-paris-2018\/\" target=\"_self\"><img class=\"rpwe-alignleft rpwe-thumb\" src=\"https:\/\/www.prensoland.com\/wp-content\/uploads\/intermat-100x75.jpg\" alt=\"Prensoland estar\u00e1 presente en Intermat Paris\" height=\"75\" width=\"100\" loading=\"lazy\" decoding=\"async\"><\/a><h3 class=\"rpwe-title\"><a href=\"https:\/\/www.prensoland.com\/es\/feria-intermat-paris-2018\/\" target=\"_self\">Prensoland estar\u00e1 presente en Intermat Paris<\/a><\/h3><time class=\"rpwe-time published\" datetime=\"2018-01-24T00:20:05+01:00\">24\/01\/2018<\/time><div class=\"rpwe-summary\">Prensoland S.A. participa en la Feria INTERMAT 2018 que se &hellip;<\/div><\/li><\/ul><\/div><!-- Generated by http:\/\/wordpress.org\/plugins\/recent-posts-widget-extended\/ --><\/div><\/div><\/div><div id=\"pgc-2948-1-2\"  class=\"panel-grid-cell\" ><div id=\"panel-2948-1-2-0\" class=\"so-panel widget widget_sow-editor panel-first-child\" data-index=\"6\" ><div class=\"panel-widget-style panel-widget-style-for-2948-1-2-0\" ><div\n\t\t\t\n\t\t\tclass=\"so-widget-sow-editor so-widget-sow-editor-base\"\n\t\t\t\n\t\t>\n<div class=\"siteorigin-widget-tinymce textwidget\">\n\t<h3>Newsletter<\/h3><p>Suscr\u00edbase a nuestra newsletter para recibir informaci\u00f3n peri\u00f3dica sobre Prensoland<\/p><\/div>\n<\/div><\/div><\/div><div id=\"panel-2948-1-2-1\" class=\"so-panel widget widget_sow-editor\" data-index=\"7\" ><div class=\"panel-widget-style panel-widget-style-for-2948-1-2-1\" ><div\n\t\t\t\n\t\t\tclass=\"so-widget-sow-editor so-widget-sow-editor-base\"\n\t\t\t\n\t\t>\n<div class=\"siteorigin-widget-tinymce textwidget\">\n\t<!-- Begin MailChimp Signup Form -->\n<link href=\"\/\/cdn-images.mailchimp.com\/embedcode\/classic-10_7.css\" rel=\"stylesheet\" type=\"text\/css\"\/>\n<style type=\"text\/css\">\n\t#mc_embed_signup{background:#efefef; clear:left; font:14px 'Lato' Helvetica,Arial,sans-serif; }\n\t\/* Add your own MailChimp form style overrides in your site stylesheet or in this style block.\n\t   We recommend moving this block and the preceding CSS link to the HEAD of your HTML file. *\/\n<\/style>\n<div id=\"mc_embed_signup\">\n<form action=\"\/\/prensoland.us5.list-manage.com\/subscribe\/post?u=5267ebdf41fd9179b23fedbda&amp;id=9af3543628\" method=\"post\" id=\"mc-embedded-subscribe-form\" name=\"mc-embedded-subscribe-form\" class=\"validate\" target=\"_blank\" novalidate>\n    <div id=\"mc_embed_signup_scroll\">\n<div class=\"indicates-required\"><span class=\"asterisk\">*<\/span> campos obligatorios<\/div>\n<div class=\"mc-field-group\">\n\t<label for=\"mce-EMAIL\">Email  <span class=\"asterisk\">*<\/span>\n<\/label>\n\t<input type=\"email\" value=\"\" name=\"EMAIL\" class=\"required email\" id=\"mce-EMAIL\"\/>\n<\/div>\n<div class=\"mc-field-group\">\n\t<label for=\"mce-FNAME\">Nombre  <span class=\"asterisk\">*<\/span>\n<\/label>\n\t<input type=\"text\" value=\"\" name=\"FNAME\" class=\"required\" id=\"mce-FNAME\"\/>\n<\/div>\n<div class=\"mc-field-group\">\n\t<label for=\"mce-LNAME\">Apellidos  <span class=\"asterisk\">*<\/span>\n<\/label>\n\t<input type=\"text\" value=\"\" name=\"LNAME\" class=\"required\" id=\"mce-LNAME\"\/>\n<\/div>\n<div class=\"mc-field-group\">\n\t<label for=\"mce-MMERGE3\">Pais  <span class=\"asterisk\">*<\/span>\n<\/label>\n\t<input type=\"text\" value=\"\" name=\"MMERGE3\" class=\"required\" id=\"mce-MMERGE3\"\/>\n<\/div>\n<div class=\"mc-field-group\">\n\t<label for=\"mce-MMERGE5\">Empresa  <span class=\"asterisk\">*<\/span>\n<\/label>\n\t<input type=\"text\" value=\"\" name=\"MMERGE5\" class=\"required\" id=\"mce-MMERGE5\"\/>\n<\/div>\n<div class=\"mc-field-group\">\n\t<label for=\"mce-MMERGE6\">Ciudad  <span class=\"asterisk\">*<\/span>\n<\/label>\n\t<input type=\"text\" value=\"\" name=\"MMERGE6\" class=\"required\" id=\"mce-MMERGE6\"\/>\n<\/div>\n\t<div id=\"mce-responses\" class=\"clear\">\n\t\t<div class=\"response\" id=\"mce-error-response\" style=\"display:none\"><\/div>\n\t\t<div class=\"response\" id=\"mce-success-response\" style=\"display:none\"><\/div>\n\t<\/div>    <!-- real people should not fill this in and expect good things - do not remove this or risk form bot signups-->\n    <div style=\"position: absolute; left: -5000px;\" aria-hidden=\"true\"><input type=\"text\" name=\"b_5267ebdf41fd9179b23fedbda_9af3543628\" tabindex=\"-1\" value=\"\"\/><\/div>\n    <div class=\"clear\"><input type=\"submit\" value=\"SUBSCRIBIR\" name=\"subscribe\" id=\"mc-embedded-subscribe\" class=\"button\"\/><\/div>\n    <\/div>\n<\/form>\n<\/div>\n<script type='text\/javascript' src='\/\/s3.amazonaws.com\/downloads.mailchimp.com\/js\/mc-validate.js'><\/script><script type='text\/javascript'>(function($) {window.fnames = new Array(); window.ftypes = new Array();fnames[0]='EMAIL';ftypes[0]='email';fnames[1]='FNAME';ftypes[1]='text';fnames[2]='LNAME';ftypes[2]='text';fnames[3]='MMERGE3';ftypes[3]='text';fnames[4]='MMERGE4';ftypes[4]='text';fnames[5]='MMERGE5';ftypes[5]='text';fnames[6]='MMERGE6';ftypes[6]='text'; \/*\n * Translated default messages for the $ validation plugin.\n * Locale: ES\n *\/\n$.extend($.validator.messages, {\n  required: \"Este campo es obligatorio.\",\n  remote: \"Por favor, rellena este campo.\",\n  email: \"Por favor, escribe una direcci\u00f3n de correo v\u00e1lida\",\n  url: \"Por favor, escribe una URL v\u00e1lida.\",\n  date: \"Por favor, escribe una fecha v\u00e1lida.\",\n  dateISO: \"Por favor, escribe una fecha (ISO) v\u00e1lida.\",\n  number: \"Por favor, escribe un n\u00famero entero v\u00e1lido.\",\n  digits: \"Por favor, escribe s\u00f3lo d\u00edgitos.\",\n  creditcard: \"Por favor, escribe un n\u00famero de tarjeta v\u00e1lido.\",\n  equalTo: \"Por favor, escribe el mismo valor de nuevo.\",\n  accept: \"Por favor, escribe un valor con una extensi\u00f3n aceptada.\",\n  maxlength: $.validator.format(\"Por favor, no escribas m\u00e1s de {0} caracteres.\"),\n  minlength: $.validator.format(\"Por favor, no escribas menos de {0} caracteres.\"),\n  rangelength: $.validator.format(\"Por favor, escribe un valor entre {0} y {1} caracteres.\"),\n  range: $.validator.format(\"Por favor, escribe un valor entre {0} y {1}.\"),\n  max: $.validator.format(\"Por favor, escribe un valor menor o igual a {0}.\"),\n  min: $.validator.format(\"Por favor, escribe un valor mayor o igual a {0}.\")\n});}(jQuery));var $mcj = jQuery.noConflict(true);<\/script>\n<!--End mc_embed_signup--><\/div>\n<\/div><\/div><\/div><div id=\"panel-2948-1-2-2\" class=\"so-panel widget widget_divider\" data-index=\"8\" ><div\n\t\t\t\n\t\t\tclass=\"so-widget-divider so-widget-divider-divider-style-d75171398898-9159\"\n\t\t\t\n\t\t>\r\n\r\n\r\n\r\n<hr class=\"so-divider\" style=\"border-style:solid; border-width:0 0 2px 0; border-color:#ccc; margin-top: 15px; margin-bottom: 15px; \"><\/div><\/div><div id=\"panel-2948-1-2-3\" class=\"widget_text so-panel widget widget_custom_html panel-last-child\" data-index=\"9\" ><div class=\"textwidget custom-html-widget\"><!-- <a class=\"twitter-timeline\" data-height=\"450\" data-link-color=\"#d30000\" href=\"https:\/\/twitter.com\/prensoland?ref_src=twsrc%5Etfw\">Tweets by prensoland<\/a> <script async src=\"https:\/\/platform.twitter.com\/widgets.js\" charset=\"utf-8\"><\/script> --><\/div><\/div><\/div><\/div><\/div><\/div>","protected":false},"excerpt":{"rendered":"<p>NOTICIAS &#038; EVENTOS Pr\u00f3ximas noticias y eventos de Prensoland Pr\u00f3ximas [&hellip;]<\/p>\n","protected":false},"author":5,"featured_media":0,"parent":0,"menu_order":0,"comment_status":"closed","ping_status":"closed","template":"templates\/template-full-notitle.php","meta":{"footnotes":""},"class_list":["post-2948","page","type-page","status-publish","post"],"yoast_head":"<!-- This site is optimized with the Yoast SEO plugin v27.3 - https:\/\/yoast.com\/product\/yoast-seo-wordpress\/ -->\n<title>Noticias de bloqueras y maquinaria de vigas y placas de concreto<\/title>\n<meta name=\"description\" content=\"Blog d&#039;actualit\u00e9s de la soci\u00e9t\u00e9 Prensoland. Machines \u00e0 blocs en b\u00e9ton et des machines pour la fabrication de poutrelles en b\u00e9ton.\" \/>\n<meta name=\"robots\" content=\"index, follow, max-snippet:-1, max-image-preview:large, max-video-preview:-1\" \/>\n<link rel=\"canonical\" href=\"https:\/\/www.prensoland.com\/es\/news\/\" \/>\n<meta property=\"og:locale\" content=\"es_ES\" \/>\n<meta property=\"og:type\" content=\"article\" \/>\n<meta property=\"og:title\" content=\"Noticias de bloqueras y maquinaria de vigas y placas de concreto\" \/>\n<meta property=\"og:description\" content=\"Blog d&#039;actualit\u00e9s de la soci\u00e9t\u00e9 Prensoland. Machines \u00e0 blocs en b\u00e9ton et des machines pour la fabrication de poutrelles en b\u00e9ton.\" \/>\n<meta property=\"og:url\" content=\"https:\/\/www.prensoland.com\/es\/news\/\" \/>\n<meta property=\"og:site_name\" content=\"prensoland.com\" \/>\n<meta property=\"article:publisher\" content=\"https:\/\/www.facebook.com\/PRENSOLAND\/\" \/>\n<meta property=\"article:modified_time\" content=\"2024-03-22T14:09:27+00:00\" \/>\n<meta name=\"twitter:card\" content=\"summary_large_image\" \/>\n<meta name=\"twitter:site\" content=\"@prensoland\" \/>\n<meta name=\"twitter:label1\" content=\"Est. reading time\" \/>\n\t<meta name=\"twitter:data1\" content=\"13 minutes\" \/>\n<!-- \/ Yoast SEO plugin. -->","yoast_head_json":{"title":"Noticias de bloqueras y maquinaria de vigas y placas de concreto","description":"Blog d'actualit\u00e9s de la soci\u00e9t\u00e9 Prensoland. Machines \u00e0 blocs en b\u00e9ton et des machines pour la fabrication de poutrelles en b\u00e9ton.","robots":{"index":"index","follow":"follow","max-snippet":"max-snippet:-1","max-image-preview":"max-image-preview:large","max-video-preview":"max-video-preview:-1"},"canonical":"https:\/\/www.prensoland.com\/es\/news\/","og_locale":"es_ES","og_type":"article","og_title":"Noticias de bloqueras y maquinaria de vigas y placas de concreto","og_description":"Blog d'actualit\u00e9s de la soci\u00e9t\u00e9 Prensoland. Machines \u00e0 blocs en b\u00e9ton et des machines pour la fabrication de poutrelles en b\u00e9ton.","og_url":"https:\/\/www.prensoland.com\/es\/news\/","og_site_name":"prensoland.com","article_publisher":"https:\/\/www.facebook.com\/PRENSOLAND\/","article_modified_time":"2024-03-22T14:09:27+00:00","twitter_card":"summary_large_image","twitter_site":"@prensoland","twitter_misc":{"Est. reading time":"13 minutes"},"schema":{"@context":"https:\/\/schema.org","@graph":[{"@type":"WebPage","@id":"https:\/\/www.prensoland.com\/es\/news\/","url":"https:\/\/www.prensoland.com\/es\/news\/","name":"Noticias de bloqueras y maquinaria de vigas y placas de concreto","isPartOf":{"@id":"https:\/\/www.prensoland.com\/fr\/#website"},"datePublished":"2016-02-06T23:54:14+00:00","dateModified":"2024-03-22T14:09:27+00:00","description":"Blog d'actualit\u00e9s de la soci\u00e9t\u00e9 Prensoland. Machines \u00e0 blocs en b\u00e9ton et des machines pour la fabrication de poutrelles en b\u00e9ton.","breadcrumb":{"@id":"https:\/\/www.prensoland.com\/es\/news\/#breadcrumb"},"inLanguage":"es","potentialAction":[{"@type":"ReadAction","target":["https:\/\/www.prensoland.com\/es\/news\/"]}]},{"@type":"BreadcrumbList","@id":"https:\/\/www.prensoland.com\/es\/news\/#breadcrumb","itemListElement":[{"@type":"ListItem","position":1,"name":"Prensoland","item":"https:\/\/www.prensoland.com\/es\/"},{"@type":"ListItem","position":2,"name":"PRENSONEWS &#038; EVENTOS"}]},{"@type":"WebSite","@id":"https:\/\/www.prensoland.com\/fr\/#website","url":"https:\/\/www.prensoland.com\/fr\/","name":"prensoland.com","description":"","publisher":{"@id":"https:\/\/www.prensoland.com\/fr\/#organization"},"potentialAction":[{"@type":"SearchAction","target":{"@type":"EntryPoint","urlTemplate":"https:\/\/www.prensoland.com\/fr\/?s={search_term_string}"},"query-input":{"@type":"PropertyValueSpecification","valueRequired":true,"valueName":"search_term_string"}}],"inLanguage":"es"},{"@type":"Organization","@id":"https:\/\/www.prensoland.com\/fr\/#organization","name":"Prensoland","url":"https:\/\/www.prensoland.com\/fr\/","logo":{"@type":"ImageObject","inLanguage":"es","@id":"https:\/\/www.prensoland.com\/fr\/#\/schema\/logo\/image\/","url":"https:\/\/www.prensoland.com\/wp-content\/uploads\/2016\/11\/prensoland-logo.png","contentUrl":"https:\/\/www.prensoland.com\/wp-content\/uploads\/2016\/11\/prensoland-logo.png","width":129,"height":125,"caption":"Prensoland"},"image":{"@id":"https:\/\/www.prensoland.com\/fr\/#\/schema\/logo\/image\/"},"sameAs":["https:\/\/www.facebook.com\/PRENSOLAND\/","https:\/\/x.com\/prensoland","https:\/\/www.linkedin.com\/company\/2341896","https:\/\/es.pinterest.com\/prensoland\/","https:\/\/www.youtube.com\/user\/PRENSOLAND"]}]}},"_links":{"self":[{"href":"https:\/\/www.prensoland.com\/es\/wp-json\/wp\/v2\/pages\/2948","targetHints":{"allow":["GET"]}}],"collection":[{"href":"https:\/\/www.prensoland.com\/es\/wp-json\/wp\/v2\/pages"}],"about":[{"href":"https:\/\/www.prensoland.com\/es\/wp-json\/wp\/v2\/types\/page"}],"author":[{"embeddable":true,"href":"https:\/\/www.prensoland.com\/es\/wp-json\/wp\/v2\/users\/5"}],"replies":[{"embeddable":true,"href":"https:\/\/www.prensoland.com\/es\/wp-json\/wp\/v2\/comments?post=2948"}],"version-history":[{"count":48,"href":"https:\/\/www.prensoland.com\/es\/wp-json\/wp\/v2\/pages\/2948\/revisions"}],"predecessor-version":[{"id":87538,"href":"https:\/\/www.prensoland.com\/es\/wp-json\/wp\/v2\/pages\/2948\/revisions\/87538"}],"wp:attachment":[{"href":"https:\/\/www.prensoland.com\/es\/wp-json\/wp\/v2\/media?parent=2948"}],"curies":[{"name":"wp","href":"https:\/\/api.w.org\/{rel}","templated":true}]}}